{"id":2,"date":"2009-10-30T14:30:04","date_gmt":"2009-10-30T07:30:04","guid":{"rendered":"http:\/\/www.mandelkern-design.com\/site\/?page_id=2"},"modified":"2011-03-20T20:16:50","modified_gmt":"2011-03-20T13:16:50","slug":"philosopie","status":"publish","type":"page","link":"http:\/\/www.mandelkern-design.com\/site\/philosopie\/","title":{"rendered":"Philosophie"},"content":{"rendered":"<p><span>[queenb id=12]<\/span><\/p>\n<p style=\"text-align:right;margin-top:-20px;\">Fotograf: Frank P. M\u00fcller<\/p>\n<h2>\u201eIm Vordergrund steht immer die pers\u00f6nliche Entfaltung des Tr\u00e4gers\u201c<\/h2>\n<p>Kreativ und zeitlos verkn\u00fcpft die 2003 gegr\u00fcndete und deutsche Premium-Marke MANDELKERN weltoffen den Ursprung von traditioneller Handwerkskunst mit selbst geschaffenen Trendstr\u00f6mungen im Design f\u00fcr Schmuck und Accessoires. Individuell und mit einer tiefen Leidenschaft f\u00fcr Edelmetalle, hochwertige Materialien, Formen und Kontraste werden Kollektionslinien mit einer unverwechselbaren Aussagekraft kreiert. Ob urban mit l\u00e4ssigen und progressiven Z\u00fcgen, sinnlich mit einem Hauch von Verf\u00fchrung, oder pur und charmant, MANDELKERN lebt und liebt qualit\u00e4tsbewusstes Design. Ob f\u00fcr sie oder ihn, im Vordergrund steht immer die pers\u00f6nliche Entfaltung des Tr\u00e4gers. Denn der MANDELKERN Stil ist die Quelle und Inspiration f\u00fcr moderne \u00c4stheten!<\/p>\n<p><input id=\"gwProxy\" type=\"hidden\" \/><input id=\"jsProxy\" onclick=\"jsCall();\" type=\"hidden\" \/><\/p>\n","protected":false},"excerpt":{"rendered":"<p>[queenb id=12] Fotograf: Frank P. M\u00fcller \u201eIm Vordergrund steht immer die pers\u00f6nliche Entfaltung des Tr\u00e4gers\u201c Kreativ und zeitlos verkn\u00fcpft die 2003 gegr\u00fcndete und deutsche Premium-Marke MANDELKERN weltoffen den Ursprung von traditioneller Handwerkskunst mit selbst geschaffenen Trendstr\u00f6mungen im Design f\u00fcr Schmuck und Accessoires. Individuell und mit einer tiefen Leidenschaft f\u00fcr Edelmetalle, hochwertige Materialien, Formen und Kontraste [&hellip;]<\/p>\n","protected":false},"author":1,"featured_media":0,"parent":0,"menu_order":20,"comment_status":"open","ping_status":"closed","template":"","meta":{"ngg_post_thumbnail":0,"footnotes":""},"class_list":["post-2","page","type-page","status-publish","hentry"],"_links":{"self":[{"href":"http:\/\/www.mandelkern-design.com\/site\/wp-json\/wp\/v2\/pages\/2","targetHints":{"allow":["GET"]}}],"collection":[{"href":"http:\/\/www.mandelkern-design.com\/site\/wp-json\/wp\/v2\/pages"}],"about":[{"href":"http:\/\/www.mandelkern-design.com\/site\/wp-json\/wp\/v2\/types\/page"}],"author":[{"embeddable":true,"href":"http:\/\/www.mandelkern-design.com\/site\/wp-json\/wp\/v2\/users\/1"}],"replies":[{"embeddable":true,"href":"http:\/\/www.mandelkern-design.com\/site\/wp-json\/wp\/v2\/comments?post=2"}],"version-history":[{"count":35,"href":"http:\/\/www.mandelkern-design.com\/site\/wp-json\/wp\/v2\/pages\/2\/revisions"}],"predecessor-version":[{"id":314,"href":"http:\/\/www.mandelkern-design.com\/site\/wp-json\/wp\/v2\/pages\/2\/revisions\/314"}],"wp:attachment":[{"href":"http:\/\/www.mandelkern-design.com\/site\/wp-json\/wp\/v2\/media?parent=2"}],"curies":[{"name":"wp","href":"https:\/\/api.w.org\/{rel}","templated":true}]}}